{"id":126,"date":"2022-04-26T12:00:51","date_gmt":"2022-04-26T12:00:51","guid":{"rendered":"http:\/\/www.utn.edu.ec\/fecyt\/carreras\/artesyhumanidades\/?page_id=126"},"modified":"2022-04-26T15:56:49","modified_gmt":"2022-04-26T15:56:49","slug":"giras-academicas","status":"publish","type":"page","link":"https:\/\/arteshumanidades.utn.edu.ec\/index.php\/vinculacion\/giras-academicas\/","title":{"rendered":"Giras acad\u00e9micas"},"content":{"rendered":"<p style=\"text-align: justify;\">Se entiende por giras estudiantiles las visitas que se realicen en las asignaturas del campo de praxis profesional de la carrera a centros industriales, de experimentaci\u00f3n o lugares de observaci\u00f3n pr\u00e1ctica, para complementar los conocimientos te\u00f3rico \u2013 pr\u00e1cticos de las \u00e1reas relacionadas con su formaci\u00f3n.<\/p>\n<p style=\"text-align: justify;\">Los d\u00edas de giras ser\u00e1n contabilizados como laborables de actividad acad\u00e9mica y que consten en los PEA o s\u00edlabos. En consecuencia, estas giras deben circunscribirse a organizaciones con cuya infraestructura cient\u00edfica o t\u00e9cnico experimental no cuenta la Instituci\u00f3n, ni se encuentra en la localidad:<\/p>\n<ol>\n<li style=\"text-align: justify;\">Las giras deber\u00e1n ser programadas y coordinadas por los respectivos campos de formaci\u00f3n a las que pertenezcan las asignaturas y deber\u00e1n ser presentadas por el coordinador (a) de carrera para su aprobaci\u00f3n en Comisi\u00f3n Acad\u00e9mica de facultad. Se fija como fecha tope para tal presentaci\u00f3n quince (15) d\u00edas despu\u00e9s de iniciado el per\u00edodo acad\u00e9mico; y<\/li>\n<li style=\"text-align: justify;\">Los responsables de la gira, ser\u00e1n los docentes de la(s) asignatura(s), quienes proceder\u00e1n de acuerdo al formato institucional correspondiente.<\/li>\n<li style=\"text-align: justify;\">El(la) decano(a) de la unidad acad\u00e9mica autorizar\u00e1 la gira observando el Procedimiento que para el efecto debe aprobar la Instituci\u00f3n.<\/li>\n<\/ol>\n","protected":false},"excerpt":{"rendered":"<p>Se entiende por giras estudiantiles las visitas que se realicen en las asignaturas del campo de praxis profesional de la carrera a centros industriales, de experimentaci\u00f3n o lugares de observaci\u00f3n pr\u00e1ctica, para complementar los conocimientos te\u00f3rico \u2013 pr\u00e1cticos de las <a href=\"https:\/\/arteshumanidades.utn.edu.ec\/index.php\/vinculacion\/giras-academicas\/\" class=\"read-more\">Read More &#8230;<\/a><\/p>\n","protected":false},"author":1,"featured_media":0,"parent":18,"menu_order":0,"comment_status":"closed","ping_status":"closed","template":"","meta":{"footnotes":""},"class_list":["post-126","page","type-page","status-publish","hentry"],"_links":{"self":[{"href":"https:\/\/arteshumanidades.utn.edu.ec\/index.php\/wp-json\/wp\/v2\/pages\/126","targetHints":{"allow":["GET"]}}],"collection":[{"href":"https:\/\/arteshumanidades.utn.edu.ec\/index.php\/wp-json\/wp\/v2\/pages"}],"about":[{"href":"https:\/\/arteshumanidades.utn.edu.ec\/index.php\/wp-json\/wp\/v2\/types\/page"}],"author":[{"embeddable":true,"href":"https:\/\/arteshumanidades.utn.edu.ec\/index.php\/wp-json\/wp\/v2\/users\/1"}],"replies":[{"embeddable":true,"href":"https:\/\/arteshumanidades.utn.edu.ec\/index.php\/wp-json\/wp\/v2\/comments?post=126"}],"version-history":[{"count":4,"href":"https:\/\/arteshumanidades.utn.edu.ec\/index.php\/wp-json\/wp\/v2\/pages\/126\/revisions"}],"predecessor-version":[{"id":386,"href":"https:\/\/arteshumanidades.utn.edu.ec\/index.php\/wp-json\/wp\/v2\/pages\/126\/revisions\/386"}],"up":[{"embeddable":true,"href":"https:\/\/arteshumanidades.utn.edu.ec\/index.php\/wp-json\/wp\/v2\/pages\/18"}],"wp:attachment":[{"href":"https:\/\/arteshumanidades.utn.edu.ec\/index.php\/wp-json\/wp\/v2\/media?parent=126"}],"curies":[{"name":"wp","href":"https:\/\/api.w.org\/{rel}","templated":true}]}}